{"id":10997,"date":"2024-06-09T09:16:04","date_gmt":"2024-06-09T09:16:04","guid":{"rendered":"https:\/\/www.aquatremansbarcelona.com\/?post_type=product&#038;p=10997"},"modified":"2026-04-14T16:16:00","modified_gmt":"2026-04-14T16:16:00","slug":"coixi-de-platja-ikat-mallorqui-estellencs","status":"publish","type":"product","link":"https:\/\/www.aquatremansbarcelona.com\/ca\/producte\/coixi-de-platja-ikat-mallorqui-estellencs\/","title":{"rendered":"Coix\u00ed de platja Ikat Mallorqu\u00ed Estellencs"},"content":{"rendered":"<p><span style=\"color: #000000;\"><b>Coix\u00ed de platja \u00fanic, innovador i funcional<\/b><\/span><br \/>\nFet de tela de licra de bany amb el t\u00edpic estampat Ikat mallorqu\u00ed en color rosa i farcit de perles de poliestir\u00e8. Es pot mullar i \u00e9s el complement ideal per a la platja, piscina, vaixell\u2026 per recolzar el cap, relaxar les cervicals i descansar, \u00e9s molt c\u00f2mode i pr\u00e0ctic. No pesa res, menys de 150 g i la seva mida perfectament estudiada per cabre dins d\u2019una bossa de m\u00e0 el fa c\u00f2mode, \u00e0gil i permet portar-lo a tot arreu.<\/p>\n<p><span style=\"color: #000000;\"><b>Mides:<\/b><\/span> 28&#215;23 cm<\/p>\n<p><span style=\"color: #000000;\"><b>Materials:<\/b><\/span> Poli\u00e9ster i perles de poliestir\u00e8.<\/p>\n<p><span style=\"color: #000000;\"><b>Presentaci\u00f3:<\/b><\/span> El coix\u00ed de platja es presenta amb una banda de cartr\u00f3 kraft amb il\u00b7lustracions i explicacions d\u2019\u00fas.<\/p>\n<p><span style=\"color: #000000;\"><b>Manteniment:<\/b><\/span> <span lang=\"CA\">S\u2019aconsella rentar-lo a m\u00e0, per\u00f2 es pot posar a la rentadora amb un programa curt, sempre amb aigua freda, amb sab\u00f3 neutre, sense suavitzant i per precauci\u00f3, dins d\u2019una bossa de roba, no utilitzar mai aigua calenta ni assecadora.<\/span><\/p>\n<p><span style=\"color: #000000;\"><b>Ref:<\/b><\/span> 4400059<\/p>\n<p><em>* Article registrat en OEPM (Oficina Espanyola de Patents i Marques), davant de qualsevol c\u00f2pia i\/o imitaci\u00f3, s&#8217;emprendran accions legals.<\/em><\/p>\n","protected":false},"excerpt":{"rendered":"<p><span style=\"color: #000000;\"><b>Coix\u00ed de platja \u00fanic, innovador i funcional<\/b><\/span><br \/>\nFet de tela de licra de bany amb el t\u00edpic estampat Ikat mallorqu\u00ed en color rosa i farcit de perles de poliestir\u00e8. Es pot mullar i \u00e9s el complement ideal per a la platja, piscina, vaixell\u2026 per recolzar el cap, relaxar les cervicals i descansar, \u00e9s molt c\u00f2mode i pr\u00e0ctic. No pesa res, menys de 150 g i la seva mida perfectament estudiada per cabre dins d\u2019una bossa de m\u00e0 el fa c\u00f2mode, \u00e0gil i permet portar-lo a tot arreu.<\/p>\n<p><span style=\"color: #000000;\"><b>Mides:<\/b><\/span> 28&#215;23 cm<\/p>\n<p><span style=\"color: #000000;\"><b>Materials:<\/b><\/span> Poli\u00e9ster i perles de poliestir\u00e8.<\/p>\n<p><span style=\"color: #000000;\"><b>Presentaci\u00f3:<\/b><\/span> El coix\u00ed de platja es presenta amb una banda de cartr\u00f3 kraft amb il\u00b7lustracions i explicacions d\u2019\u00fas.<\/p>\n<p><span style=\"color: #000000;\"><b>Manteniment:<\/b><\/span> <span lang=\"CA\">S\u2019aconsella rentar-lo a m\u00e0, per\u00f2 es pot posar a la rentadora amb un programa curt, sempre amb aigua freda, amb sab\u00f3 neutre, sense suavitzant i per precauci\u00f3, dins d\u2019una bossa de roba, no utilitzar mai aigua calenta ni assecadora.<\/span><\/p>\n<p><span style=\"color: #000000;\"><b>Ref:<\/b><\/span> 4400059<\/p>\n<p><em>* Article registrat en OEPM (Oficina Espanyola de Patents i Marques), davant de qualsevol c\u00f2pia i\/o imitaci\u00f3, s&#8217;emprendran accions legals.<\/em><\/p>\n","protected":false},"featured_media":11059,"template":"","meta":[],"product_brand":[],"product_cat":[130],"product_tag":[182,203,194,193,183,196,195],"class_list":{"0":"post-10997","1":"product","2":"type-product","3":"status-publish","4":"has-post-thumbnail","6":"product_cat-coixins-de-platja","7":"product_tag-coixi","8":"product_tag-coixinet","9":"product_tag-mar-ca","10":"product_tag-piscina-ca","11":"product_tag-platja","12":"product_tag-riu","13":"product_tag-vaixell","15":"first","16":"instock","17":"taxable","18":"shipping-taxable","19":"purchasable","20":"product-type-simple"},"_links":{"self":[{"href":"https:\/\/www.aquatremansbarcelona.com\/ca\/wp-json\/wp\/v2\/product\/10997","targetHints":{"allow":["GET"]}}],"collection":[{"href":"https:\/\/www.aquatremansbarcelona.com\/ca\/wp-json\/wp\/v2\/product"}],"about":[{"href":"https:\/\/www.aquatremansbarcelona.com\/ca\/wp-json\/wp\/v2\/types\/product"}],"wp:featuredmedia":[{"embeddable":true,"href":"https:\/\/www.aquatremansbarcelona.com\/ca\/wp-json\/wp\/v2\/media\/11059"}],"wp:attachment":[{"href":"https:\/\/www.aquatremansbarcelona.com\/ca\/wp-json\/wp\/v2\/media?parent=10997"}],"wp:term":[{"taxonomy":"product_brand","embeddable":true,"href":"https:\/\/www.aquatremansbarcelona.com\/ca\/wp-json\/wp\/v2\/product_brand?post=10997"},{"taxonomy":"product_cat","embeddable":true,"href":"https:\/\/www.aquatremansbarcelona.com\/ca\/wp-json\/wp\/v2\/product_cat?post=10997"},{"taxonomy":"product_tag","embeddable":true,"href":"https:\/\/www.aquatremansbarcelona.com\/ca\/wp-json\/wp\/v2\/product_tag?post=10997"}],"curies":[{"name":"wp","href":"https:\/\/api.w.org\/{rel}","templated":true}]}}